{"id":267,"date":"2020-02-08T23:56:10","date_gmt":"2020-02-09T02:56:10","guid":{"rendered":"https:\/\/ipsc.org.uy\/?page_id=267"},"modified":"2023-05-12T13:08:35","modified_gmt":"2023-05-12T16:08:35","slug":"autoridades","status":"publish","type":"page","link":"https:\/\/ipsc.org.uy\/index.php\/autoridades\/","title":{"rendered":"FTUP &#8211; Autoridades"},"content":{"rendered":"\t\t<div data-elementor-type=\"wp-page\" data-elementor-id=\"267\" class=\"elementor elementor-267\" data-elementor-post-type=\"page\">\n\t\t\t\t\t\t<section data-particle_enable=\"false\" data-particle-mobile-disabled=\"false\" class=\"elementor-section elementor-top-section elementor-element elementor-element-189ac9a elementor-hidden-phone elementor-section-boxed elementor-section-height-default elementor-section-height-default\" data-id=\"189ac9a\" data-element_type=\"section\">\n\t\t\t\t\t\t<div class=\"elementor-container elementor-column-gap-default\">\n\t\t\t\t\t<div class=\"elementor-column elementor-col-100 elementor-top-column elementor-element elementor-element-ee67d14\" data-id=\"ee67d14\" data-element_type=\"column\">\n\t\t\t<div class=\"elementor-widget-wrap elementor-element-populated\">\n\t\t\t\t\t\t<div class=\"elementor-element elementor-element-9f9964d elementor-widget elementor-widget-spacer\" data-id=\"9f9964d\" data-element_type=\"widget\" data-widget_type=\"spacer.default\">\n\t\t\t\t<div class=\"elementor-widget-container\">\n\t\t\t\t\t\t\t<div class=\"elementor-spacer\">\n\t\t\t<div class=\"elementor-spacer-inner\"><\/div>\n\t\t<\/div>\n\t\t\t\t\t\t<\/div>\n\t\t\t\t<\/div>\n\t\t\t\t\t<\/div>\n\t\t<\/div>\n\t\t\t\t\t<\/div>\n\t\t<\/section>\n\t\t\t\t<section data-particle_enable=\"false\" data-particle-mobile-disabled=\"false\" class=\"elementor-section elementor-top-section elementor-element elementor-element-77bf4cf elementor-section-stretched elementor-section-boxed elementor-section-height-default elementor-section-height-default\" data-id=\"77bf4cf\" data-element_type=\"section\" data-settings=\"{&quot;stretch_section&quot;:&quot;section-stretched&quot;}\">\n\t\t\t\t\t\t<div class=\"elementor-container elementor-column-gap-default\">\n\t\t\t\t\t<div class=\"elementor-column elementor-col-100 elementor-top-column elementor-element elementor-element-7f3dfba\" data-id=\"7f3dfba\" data-element_type=\"column\">\n\t\t\t<div class=\"elementor-widget-wrap elementor-element-populated\">\n\t\t\t\t\t\t<div class=\"elementor-element elementor-element-34a4d67 elementor-widget elementor-widget-heading\" data-id=\"34a4d67\" data-element_type=\"widget\" data-widget_type=\"heading.default\">\n\t\t\t\t<div class=\"elementor-widget-container\">\n\t\t\t\t\t<h1 class=\"elementor-heading-title elementor-size-default\">QUIENES SOMOS<\/h1>\t\t\t\t<\/div>\n\t\t\t\t<\/div>\n\t\t\t\t\t<\/div>\n\t\t<\/div>\n\t\t\t\t\t<\/div>\n\t\t<\/section>\n\t\t\t\t<section data-particle_enable=\"false\" data-particle-mobile-disabled=\"false\" class=\"elementor-section elementor-top-section elementor-element elementor-element-e64e7db elementor-section-boxed elementor-section-height-default elementor-section-height-default\" data-id=\"e64e7db\" data-element_type=\"section\" data-settings=\"{&quot;background_background&quot;:&quot;classic&quot;}\">\n\t\t\t\t\t\t<div class=\"elementor-container elementor-column-gap-default\">\n\t\t\t\t\t<div class=\"elementor-column elementor-col-100 elementor-top-column elementor-element elementor-element-98d3dbd\" data-id=\"98d3dbd\" data-element_type=\"column\">\n\t\t\t<div class=\"elementor-widget-wrap elementor-element-populated\">\n\t\t\t\t\t\t<div class=\"elementor-element elementor-element-4c74828 elementor-widget elementor-widget-text-editor\" data-id=\"4c74828\" data-element_type=\"widget\" data-widget_type=\"text-editor.default\">\n\t\t\t\t<div class=\"elementor-widget-container\">\n\t\t\t\t\t\t\t\t\t<p style=\"box-sizing: inherit; font-family: Montserrat; text-align: start; background-color: #ffffff;\">La Federaci\u00f3n Uruguaya de Tiro Pr\u00e1ctico es una federaci\u00f3n sin fines de lucro, la cual est\u00e1 compuesta por una Comisi\u00f3n Directiva y una Comisi\u00f3n Fiscal.<\/p><p style=\"box-sizing: inherit; font-family: Montserrat; text-align: start; background-color: #ffffff;\">La actual directiva est\u00e1 al frente de la federaci\u00f3n desde Marzo 2023<\/p>\t\t\t\t\t\t\t\t<\/div>\n\t\t\t\t<\/div>\n\t\t\t\t<div class=\"elementor-element elementor-element-5276a71 elementor-widget elementor-widget-spacer\" data-id=\"5276a71\" data-element_type=\"widget\" data-widget_type=\"spacer.default\">\n\t\t\t\t<div class=\"elementor-widget-container\">\n\t\t\t\t\t\t\t<div class=\"elementor-spacer\">\n\t\t\t<div class=\"elementor-spacer-inner\"><\/div>\n\t\t<\/div>\n\t\t\t\t\t\t<\/div>\n\t\t\t\t<\/div>\n\t\t\t\t<section data-particle_enable=\"false\" data-particle-mobile-disabled=\"false\" class=\"elementor-section elementor-inner-section elementor-element elementor-element-670d48f elementor-section-full_width elementor-section-height-default elementor-section-height-default\" data-id=\"670d48f\" data-element_type=\"section\">\n\t\t\t\t\t\t<div class=\"elementor-container elementor-column-gap-narrow\">\n\t\t\t\t\t<div class=\"elementor-column elementor-col-100 elementor-inner-column elementor-element elementor-element-52dc86c\" data-id=\"52dc86c\" data-element_type=\"column\">\n\t\t\t<div class=\"elementor-widget-wrap elementor-element-populated\">\n\t\t\t\t\t\t<div class=\"elementor-element elementor-element-e4dc25a elementor-widget elementor-widget-text-editor\" data-id=\"e4dc25a\" data-element_type=\"widget\" data-widget_type=\"text-editor.default\">\n\t\t\t\t<div class=\"elementor-widget-container\">\n\t\t\t\t\t\t\t\t\t<p style=\"box-sizing: inherit; font-family: Montserrat; background-color: #ffffff;\">Los integrantes de la Comisi\u00f3n Directiva son:<\/p><table class=\"wp-block-table is-style-stripes\" style=\"box-sizing: inherit; font-family: Montserrat; background-color: #ffffff;\"><tbody style=\"box-sizing: inherit;\"><tr style=\"box-sizing: inherit;\"><td style=\"box-sizing: inherit;\"><span style=\"box-sizing: inherit; font-weight: bold;\">Presidente<\/span><\/td><td style=\"box-sizing: inherit;\">Omar Larra\u00f1aga<\/td><\/tr><tr style=\"box-sizing: inherit;\"><td style=\"box-sizing: inherit;\">Vice-Presidente<\/td><td style=\"box-sizing: inherit;\">Gustavo Diz<\/td><\/tr><tr style=\"box-sizing: inherit;\"><td style=\"box-sizing: inherit;\">Secretario<\/td><td style=\"box-sizing: inherit;\">Mario Mesa<\/td><\/tr><tr style=\"box-sizing: inherit;\"><td style=\"box-sizing: inherit;\">Tesorero<\/td><td style=\"box-sizing: inherit;\">Diego Canavero<\/td><\/tr><tr style=\"box-sizing: inherit;\"><td style=\"box-sizing: inherit;\">Vocal<\/td><td style=\"box-sizing: inherit;\">Enrique Larra\u00f1aga (*)<\/td><\/tr><\/tbody><\/table>\t\t\t\t\t\t\t\t<\/div>\n\t\t\t\t<\/div>\n\t\t\t\t<div class=\"elementor-element elementor-element-31dc2b0 elementor-widget elementor-widget-text-editor\" data-id=\"31dc2b0\" data-element_type=\"widget\" data-widget_type=\"text-editor.default\">\n\t\t\t\t<div class=\"elementor-widget-container\">\n\t\t\t\t\t\t\t\t\t<p style=\"box-sizing: inherit; font-family: Montserrat; background-color: #ffffff;\">Los integrantes de la Comisi\u00f3n Fiscal son:<\/p><table class=\"wp-block-table is-style-stripes\" style=\"box-sizing: inherit; font-family: Montserrat; background-color: #ffffff;\"><tbody style=\"box-sizing: inherit;\"><tr style=\"box-sizing: inherit;\"><td style=\"box-sizing: inherit;\"><span style=\"box-sizing: inherit; font-weight: bold;\">Presidente\u00a0\u00a0<\/span><\/td><td style=\"box-sizing: inherit;\">Carlos Fornaro<\/td><\/tr><tr style=\"box-sizing: inherit;\"><td style=\"box-sizing: inherit;\">\u00a0Vocal 1<\/td><td style=\"box-sizing: inherit;\">Gabriel Espel<\/td><\/tr><tr style=\"box-sizing: inherit;\"><td style=\"box-sizing: inherit;\">\u00a0Vocal 2<\/td><td style=\"box-sizing: inherit;\">Ernesto Guillama<\/td><\/tr><\/tbody><\/table>\t\t\t\t\t\t\t\t<\/div>\n\t\t\t\t<\/div>\n\t\t\t\t<div class=\"elementor-element elementor-element-55bb0b0 elementor-widget elementor-widget-text-editor\" data-id=\"55bb0b0\" data-element_type=\"widget\" data-widget_type=\"text-editor.default\">\n\t\t\t\t<div class=\"elementor-widget-container\">\n\t\t\t\t\t\t\t\t\t<p>(*) Director Regional\u00a0 Enrique Larra\u00f1aga.<\/p>\t\t\t\t\t\t\t\t<\/div>\n\t\t\t\t<\/div>\n\t\t\t\t\t<\/div>\n\t\t<\/div>\n\t\t\t\t\t<\/div>\n\t\t<\/section>\n\t\t\t\t\t<\/div>\n\t\t<\/div>\n\t\t\t\t\t<\/div>\n\t\t<\/section>\n\t\t\t\t<\/div>\n\t\t","protected":false},"excerpt":{"rendered":"<p>QUIENES SOMOS La Federaci\u00f3n Uruguaya de Tiro Pr\u00e1ctico es una federaci\u00f3n sin fines de lucro, la cual est\u00e1 compuesta por una Comisi\u00f3n Directiva y una Comisi\u00f3n Fiscal. La actual directiva est\u00e1 al frente de la federaci\u00f3n desde Marzo 2023 Los integrantes de la Comisi\u00f3n Directiva son: Presidente Omar Larra\u00f1aga Vice-Presidente Gustavo Diz Secretario Mario Mesa [&hellip;]<\/p>\n","protected":false},"author":1,"featured_media":0,"parent":0,"menu_order":0,"comment_status":"closed","ping_status":"closed","template":"elementor_header_footer","meta":{"footnotes":""},"class_list":["post-267","page","type-page","status-publish","hentry"],"publishpress_future_action":{"enabled":false,"date":"2026-05-08 09:06:32","action":"change-status","newStatus":"draft","terms":[],"taxonomy":"","extraData":[]},"publishpress_future_workflow_manual_trigger":{"enabledWorkflows":[]},"_links":{"self":[{"href":"https:\/\/ipsc.org.uy\/index.php\/wp-json\/wp\/v2\/pages\/267","targetHints":{"allow":["GET"]}}],"collection":[{"href":"https:\/\/ipsc.org.uy\/index.php\/wp-json\/wp\/v2\/pages"}],"about":[{"href":"https:\/\/ipsc.org.uy\/index.php\/wp-json\/wp\/v2\/types\/page"}],"author":[{"embeddable":true,"href":"https:\/\/ipsc.org.uy\/index.php\/wp-json\/wp\/v2\/users\/1"}],"replies":[{"embeddable":true,"href":"https:\/\/ipsc.org.uy\/index.php\/wp-json\/wp\/v2\/comments?post=267"}],"version-history":[{"count":41,"href":"https:\/\/ipsc.org.uy\/index.php\/wp-json\/wp\/v2\/pages\/267\/revisions"}],"predecessor-version":[{"id":5548,"href":"https:\/\/ipsc.org.uy\/index.php\/wp-json\/wp\/v2\/pages\/267\/revisions\/5548"}],"wp:attachment":[{"href":"https:\/\/ipsc.org.uy\/index.php\/wp-json\/wp\/v2\/media?parent=267"}],"curies":[{"name":"wp","href":"https:\/\/api.w.org\/{rel}","templated":true}]}}